{"id":18940,"date":"2020-02-13T17:35:54","date_gmt":"2020-02-13T19:35:54","guid":{"rendered":"https:\/\/psol.org.br\/?page_id=18940"},"modified":"2021-05-20T10:56:08","modified_gmt":"2021-05-20T13:56:08","slug":"cronograma","status":"publish","type":"page","link":"https:\/\/psol50.com.br\/congresso2021\/cronograma\/","title":{"rendered":"Cronograma"},"content":{"rendered":"<p><div class=\"fusion-fullwidth fullwidth-box fusion-builder-row-1 fusion-flex-container nonhundred-percent-fullwidth non-hundred-percent-height-scrolling\" style=\"background-color: rgba(255,255,255,0);background-position: center center;background-repeat: no-repeat;border-width: 0px 0px 0px 0px;border-color:#eae9e9;border-style:solid;\" ><div class=\"fusion-builder-row fusion-row fusion-flex-align-items-flex-start\" style=\"max-width:1185.6px;margin-left: calc(-4% \/ 2 );margin-right: calc(-4% \/ 2 );\"><div class=\"fusion-layout-column fusion_builder_column fusion-builder-column-0 fusion_builder_column_1_1 1_1 fusion-flex-column\"><div class=\"fusion-column-wrapper fusion-flex-justify-content-flex-start fusion-content-layout-column\" style=\"background-position:left top;background-repeat:no-repeat;-webkit-background-size:cover;-moz-background-size:cover;-o-background-size:cover;background-size:cover;padding: 0px 0px 0px 0px;\"><div style=\"text-align:center;\"><span class=\" fusion-imageframe imageframe-none imageframe-1 hover-type-none\" style=\"width:100%;max-width:100px;\"><img width=\"140\" image_height=\"121\" image_id=\"28154\" title=\"Icon_crono@2x\" src=\"data:image\/svg+xml,%3Csvg%20xmlns%3D%27http%3A%2F%2Fwww.w3.org%2F2000%2Fsvg%27%20width%3D%27140%27%20height%3D%27121%27%20viewBox%3D%270%200%20140%20121%27%3E%3Crect%20width%3D%27140%27%20height%3D%273121%27%20fill-opacity%3D%220%22%2F%3E%3C%2Fsvg%3E\" data-orig-src=\"https:\/\/psol50.com.br\/congresso2021\/file\/2021\/05\/Icon_crono@2x.png\" class=\"lazyload img-responsive wp-image-28154\"\/><\/span><\/div><style type=\"text\/css\">@media only screen and (max-width:1024px) {.fusion-title.fusion-title-1{margin-top:40px!important;margin-bottom:31px!important;}}<\/style><div class=\"fusion-title title fusion-title-1 fusion-sep-none fusion-title-text fusion-title-size-one\" style=\"font-size:40px;margin-top:40px;margin-bottom:31px;\"><h1 class=\"title-heading-left\" style=\"margin:0;font-size:1em;line-height:36px;color:#6d6d6d;\"><div style=\"text-align: center;\"><span style=\"font-family: Roboto; font-size: 30px; font-style: var(--h1_typography-font-style,normal); letter-spacing: var(--h1_typography-letter-spacing);\">Calend\u00e1rio de filia\u00e7\u00f5es e processos congressual 2021<\/span><\/div><\/h1><\/div><\/div><\/div><style type=\"text\/css\">.fusion-body .fusion-builder-column-0{width:100% !important;margin-top : 0px;margin-bottom : 0px;}.fusion-builder-column-0 > .fusion-column-wrapper {padding-top : 0px !important;padding-right : 0px !important;margin-right : 1.92%;padding-bottom : 0px !important;padding-left : 0px !important;margin-left : 1.92%;}@media only screen and (max-width:1024px) {.fusion-body .fusion-builder-column-0{width:100% !important;order : 0;}.fusion-builder-column-0 > .fusion-column-wrapper {margin-right : 1.92%;margin-left : 1.92%;}}@media only screen and (max-width:640px) {.fusion-body .fusion-builder-column-0{width:100% !important;order : 0;}.fusion-builder-column-0 > .fusion-column-wrapper {margin-right : 1.92%;margin-left : 1.92%;}}<\/style><\/div><style type=\"text\/css\">.fusion-body .fusion-flex-container.fusion-builder-row-1{ padding-top : 0px;margin-top : 0px;padding-right : 0px;padding-bottom : 0px;margin-bottom : 0px;padding-left : 0px;}<\/style><\/div><div class=\"fusion-fullwidth fullwidth-box fusion-builder-row-2 nonhundred-percent-fullwidth non-hundred-percent-height-scrolling\" style=\"background-color: rgba(255,255,255,0);background-position: center center;background-repeat: no-repeat;padding-top:0px;padding-right:0px;padding-bottom:0px;padding-left:0px;margin-bottom: 0px;margin-top: 0px;border-width: 0px 0px 0px 0px;border-color:#eae9e9;border-style:solid;\" ><div class=\"fusion-builder-row fusion-row\"><div class=\"fusion-layout-column fusion_builder_column fusion-builder-column-1 fusion_builder_column_1_1 1_1 fusion-one-full fusion-column-first fusion-column-last\" style=\"margin-top:0px;margin-bottom:0px;\"><div class=\"fusion-column-wrapper fusion-flex-column-wrapper-legacy\" style=\"background-position:left top;background-repeat:no-repeat;-webkit-background-size:cover;-moz-background-size:cover;-o-background-size:cover;background-size:cover;padding: 0px 0px 0px 0px;\"><div class=\"fusion-text fusion-text-1\"><p><strong>1 de abril de 2021 \u2013<\/strong> Data limite para as Dire\u00e7\u00f5es Estaduais nomearem as Comiss\u00f5es Organizadoras Estaduais e Distrital (artigo 7\u00ba da Convocat\u00f3ria do Congresso)<\/p>\n<p><strong>5 de abril de 2021 \u2013<\/strong> Data limite para apresenta\u00e7\u00e3o de filia\u00e7\u00f5es as Dire\u00e7\u00f5es Estaduais (conforme Resolu\u00e7\u00e3o da Executiva Nacional sobre processo de filia\u00e7\u00f5es)<\/p>\n<p><strong>12 de abril de 2021 \u2013<\/strong> \u00daltimo dia para inser\u00e7\u00e3o de filia\u00e7\u00f5es no Sistema Filia (conforme Portaria TSE 153\/21)<\/p>\n<p><strong>13 a 19 de abril de 2021 \u2013<\/strong> Per\u00edodo de processamento pelo TSE das rela\u00e7\u00f5es de filiados (conforme Portaria TSE 153\/21)<\/p>\n<p><strong>20 de abril de 2021 \u2013<\/strong> Publica\u00e7\u00e3o pelo TSE da rela\u00e7\u00e3o oficial de filiados ap\u00f3s o processamento (conforme Portaria TSE 153\/21)<\/p>\n<p><strong>20 de abril de 2021 \u2013<\/strong> Prazo limite para que as Dire\u00e7\u00f5es Estaduais apresentem a rela\u00e7\u00e3o de Filiados que constem de LISTAS INTERNAS (conforme \u00a71, item c, do artigo 13 da Convocat\u00f3ria do Congresso)<\/p>\n<p><strong>20 de maio de 2021 \u2013<\/strong> Data de divulga\u00e7\u00e3o de lista preliminar pela Comiss\u00e3o Organizadora Nacional (conforme \u00a76 do artigo 13 da Convocat\u00f3ria do Congresso)<\/p>\n<p><strong>20 de maio at\u00e9 4 de junho de 2021 \u2013<\/strong> Per\u00edodo para pedidos de op\u00e7\u00e3o de milit\u00e2ncia (conforme \u00a71 do artigo 14 da Convocat\u00f3ria do Congresso)<\/p>\n<p><strong>16 de maio de 2021 \u2013<\/strong> Data limite para envio das teses estaduais, teses nacionais e contribui\u00e7\u00f5es (conforme artigos 10 e 11 da Convocat\u00f3ria do Congresso) <b>&#8211; Prorrogado at\u00e9 23\/05\/21<\/b><\/p>\n<p><strong>27 de maio de 2021 \u2013<\/strong> Prazo limite para apresenta\u00e7\u00e3o de recursos sobre a lista preliminar (conforme \u00a76 do artigo 13 da Convocat\u00f3ria do Congresso)<\/p>\n<p><strong>4 de junho de 2021 \u2013<\/strong> Data limite para solicita\u00e7\u00e3o de uso de Nome Social, em fun\u00e7\u00e3o de identidade de g\u00eanero. (conforme \u00a75 do artigo 13 da Convocat\u00f3ria do Congresso)<\/p>\n<p><strong>01 de junho de 2021 \u2013<\/strong> Publica\u00e7\u00e3o da Lista Oficial do 7\u00ba Congresso elaborada Comiss\u00e3o Organizadora Nacional (conforme \u00a71 do artigo 13 da Convocat\u00f3ria do Congresso)<\/p>\n<p><strong>12 de junho a 18 de julho de 2021 \u2013<\/strong> Per\u00edodo para realiza\u00e7\u00e3o dos debates virtuais (conforme artigo 16 da Convocat\u00f3ria do Congresso)<\/p>\n<p><strong>24 de julho a 29 de agosto de 2021 \u2013<\/strong> Per\u00edodo para realiza\u00e7\u00e3o das vota\u00e7\u00f5es em urna nos munic\u00edpios (conforme artigo 19 da Convocat\u00f3ria do Congresso)<\/p>\n<p><strong>11 e 12 de setembro de 2021 \u2013<\/strong> Per\u00edodo de realiza\u00e7\u00e3o dos Congressos Estaduais (por meio de plataforma virtual) (conforme artigo 31 da Convocat\u00f3ria do Congresso)<\/p>\n<p><strong>25 e 26 de setembro de 2021 \u2013<\/strong> 7\u00ba Congresso Nacional PSOL (por meio de plataforma virtual) (conforme artigo 4\u00ba da Convocat\u00f3ria do Congresso)<\/p>\n<\/div><div class=\"fusion-clearfix\"><\/div><\/div><\/div><\/div><\/div><\/p>\n","protected":false},"excerpt":{"rendered":"","protected":false},"author":1,"featured_media":0,"parent":0,"menu_order":0,"comment_status":"closed","ping_status":"closed","template":"","meta":[],"yoast_head":"<!-- This site is optimized with the Yoast SEO plugin v18.4.1 - https:\/\/yoast.com\/wordpress\/plugins\/seo\/ -->\n<title>Cronograma - 7\u00ba Congresso Nacional do PSOL<\/title>\n<meta name=\"robots\" content=\"index, follow, max-snippet:-1, max-image-preview:large, max-video-preview:-1\" \/>\n<link rel=\"canonical\" href=\"https:\/\/psol50.com.br\/congresso2021\/cronograma\/\" \/>\n<meta property=\"og:locale\" content=\"pt_BR\" \/>\n<meta property=\"og:type\" content=\"article\" \/>\n<meta property=\"og:title\" content=\"Cronograma - 7\u00ba Congresso Nacional do PSOL\" \/>\n<meta property=\"og:url\" content=\"https:\/\/psol50.com.br\/congresso2021\/cronograma\/\" \/>\n<meta property=\"og:site_name\" content=\"7\u00ba Congresso Nacional do PSOL\" \/>\n<meta property=\"article:publisher\" content=\"https:\/\/www.facebook.com\/psol50\" \/>\n<meta property=\"article:modified_time\" content=\"2021-05-20T13:56:08+00:00\" \/>\n<meta property=\"og:image\" content=\"https:\/\/psol50.com.br\/congresso2021\/wp-content\/uploads\/2021\/05\/Thumbs_7CONPSOL.jpg\" \/>\n\t<meta property=\"og:image:width\" content=\"794\" \/>\n\t<meta property=\"og:image:height\" content=\"503\" \/>\n\t<meta property=\"og:image:type\" content=\"image\/jpeg\" \/>\n<meta name=\"twitter:card\" content=\"summary_large_image\" \/>\n<meta name=\"twitter:site\" content=\"@psol50\" \/>\n<meta name=\"twitter:label1\" content=\"Est. tempo de leitura\" \/>\n\t<meta name=\"twitter:data1\" content=\"2 minutos\" \/>\n<script type=\"application\/ld+json\" class=\"yoast-schema-graph\">{\"@context\":\"https:\/\/schema.org\",\"@graph\":[{\"@type\":\"Organization\",\"@id\":\"https:\/\/psol50.com.br\/congresso2021\/#organization\",\"name\":\"7\u00ba Congresso Nacional do PSOL\",\"url\":\"https:\/\/psol50.com.br\/congresso2021\/\",\"sameAs\":[\"https:\/\/www.facebook.com\/psol50\",\"https:\/\/www.instagram.com\/psol50\/\",\"https:\/\/www.youtube.com\/channel\/UC7SnJS5o1os7a6CaiNabzcg\",\"https:\/\/twitter.com\/psol50\"],\"logo\":{\"@type\":\"ImageObject\",\"@id\":\"https:\/\/psol50.com.br\/congresso2021\/#logo\",\"inLanguage\":\"pt-BR\",\"url\":\"https:\/\/psol50.com.br\/congresso2021\/wp-content\/uploads\/2021\/05\/Thumbs_7CONPSOL.jpg\",\"contentUrl\":\"https:\/\/psol50.com.br\/congresso2021\/wp-content\/uploads\/2021\/05\/Thumbs_7CONPSOL.jpg\",\"width\":794,\"height\":503,\"caption\":\"7\u00ba Congresso Nacional do PSOL\"},\"image\":{\"@id\":\"https:\/\/psol50.com.br\/congresso2021\/#logo\"}},{\"@type\":\"WebSite\",\"@id\":\"https:\/\/psol50.com.br\/congresso2021\/#website\",\"url\":\"https:\/\/psol50.com.br\/congresso2021\/\",\"name\":\"7\u00ba Congresso Nacional do PSOL\",\"description\":\"Partido Socialismo e Liberdade\",\"publisher\":{\"@id\":\"https:\/\/psol50.com.br\/congresso2021\/#organization\"},\"potentialAction\":[{\"@type\":\"SearchAction\",\"target\":{\"@type\":\"EntryPoint\",\"urlTemplate\":\"https:\/\/psol50.com.br\/congresso2021\/?s={search_term_string}\"},\"query-input\":\"required name=search_term_string\"}],\"inLanguage\":\"pt-BR\"},{\"@type\":\"WebPage\",\"@id\":\"https:\/\/psol50.com.br\/congresso2021\/cronograma\/#webpage\",\"url\":\"https:\/\/psol50.com.br\/congresso2021\/cronograma\/\",\"name\":\"Cronograma - 7\u00ba Congresso Nacional do PSOL\",\"isPartOf\":{\"@id\":\"https:\/\/psol50.com.br\/congresso2021\/#website\"},\"datePublished\":\"2020-02-13T19:35:54+00:00\",\"dateModified\":\"2021-05-20T13:56:08+00:00\",\"breadcrumb\":{\"@id\":\"https:\/\/psol50.com.br\/congresso2021\/cronograma\/#breadcrumb\"},\"inLanguage\":\"pt-BR\",\"potentialAction\":[{\"@type\":\"ReadAction\",\"target\":[\"https:\/\/psol50.com.br\/congresso2021\/cronograma\/\"]}]},{\"@type\":\"BreadcrumbList\",\"@id\":\"https:\/\/psol50.com.br\/congresso2021\/cronograma\/#breadcrumb\",\"itemListElement\":[{\"@type\":\"ListItem\",\"position\":1,\"name\":\"In\u00edcio\",\"item\":\"https:\/\/psol50.com.br\/congresso2021\/\"},{\"@type\":\"ListItem\",\"position\":2,\"name\":\"Cronograma\"}]}]}<\/script>\n<!-- \/ Yoast SEO plugin. -->","yoast_head_json":{"title":"Cronograma - 7\u00ba Congresso Nacional do PSOL","robots":{"index":"index","follow":"follow","max-snippet":"max-snippet:-1","max-image-preview":"max-image-preview:large","max-video-preview":"max-video-preview:-1"},"canonical":"https:\/\/psol50.com.br\/congresso2021\/cronograma\/","og_locale":"pt_BR","og_type":"article","og_title":"Cronograma - 7\u00ba Congresso Nacional do PSOL","og_url":"https:\/\/psol50.com.br\/congresso2021\/cronograma\/","og_site_name":"7\u00ba Congresso Nacional do PSOL","article_publisher":"https:\/\/www.facebook.com\/psol50","article_modified_time":"2021-05-20T13:56:08+00:00","og_image":[{"width":794,"height":503,"url":"https:\/\/psol50.com.br\/congresso2021\/wp-content\/uploads\/2021\/05\/Thumbs_7CONPSOL.jpg","type":"image\/jpeg"}],"twitter_card":"summary_large_image","twitter_site":"@psol50","twitter_misc":{"Est. tempo de leitura":"2 minutos"},"schema":{"@context":"https:\/\/schema.org","@graph":[{"@type":"Organization","@id":"https:\/\/psol50.com.br\/congresso2021\/#organization","name":"7\u00ba Congresso Nacional do PSOL","url":"https:\/\/psol50.com.br\/congresso2021\/","sameAs":["https:\/\/www.facebook.com\/psol50","https:\/\/www.instagram.com\/psol50\/","https:\/\/www.youtube.com\/channel\/UC7SnJS5o1os7a6CaiNabzcg","https:\/\/twitter.com\/psol50"],"logo":{"@type":"ImageObject","@id":"https:\/\/psol50.com.br\/congresso2021\/#logo","inLanguage":"pt-BR","url":"https:\/\/psol50.com.br\/congresso2021\/wp-content\/uploads\/2021\/05\/Thumbs_7CONPSOL.jpg","contentUrl":"https:\/\/psol50.com.br\/congresso2021\/wp-content\/uploads\/2021\/05\/Thumbs_7CONPSOL.jpg","width":794,"height":503,"caption":"7\u00ba Congresso Nacional do PSOL"},"image":{"@id":"https:\/\/psol50.com.br\/congresso2021\/#logo"}},{"@type":"WebSite","@id":"https:\/\/psol50.com.br\/congresso2021\/#website","url":"https:\/\/psol50.com.br\/congresso2021\/","name":"7\u00ba Congresso Nacional do PSOL","description":"Partido Socialismo e Liberdade","publisher":{"@id":"https:\/\/psol50.com.br\/congresso2021\/#organization"},"potentialAction":[{"@type":"SearchAction","target":{"@type":"EntryPoint","urlTemplate":"https:\/\/psol50.com.br\/congresso2021\/?s={search_term_string}"},"query-input":"required name=search_term_string"}],"inLanguage":"pt-BR"},{"@type":"WebPage","@id":"https:\/\/psol50.com.br\/congresso2021\/cronograma\/#webpage","url":"https:\/\/psol50.com.br\/congresso2021\/cronograma\/","name":"Cronograma - 7\u00ba Congresso Nacional do PSOL","isPartOf":{"@id":"https:\/\/psol50.com.br\/congresso2021\/#website"},"datePublished":"2020-02-13T19:35:54+00:00","dateModified":"2021-05-20T13:56:08+00:00","breadcrumb":{"@id":"https:\/\/psol50.com.br\/congresso2021\/cronograma\/#breadcrumb"},"inLanguage":"pt-BR","potentialAction":[{"@type":"ReadAction","target":["https:\/\/psol50.com.br\/congresso2021\/cronograma\/"]}]},{"@type":"BreadcrumbList","@id":"https:\/\/psol50.com.br\/congresso2021\/cronograma\/#breadcrumb","itemListElement":[{"@type":"ListItem","position":1,"name":"In\u00edcio","item":"https:\/\/psol50.com.br\/congresso2021\/"},{"@type":"ListItem","position":2,"name":"Cronograma"}]}]}},"_links":{"self":[{"href":"https:\/\/psol50.com.br\/congresso2021\/wp-json\/wp\/v2\/pages\/18940"}],"collection":[{"href":"https:\/\/psol50.com.br\/congresso2021\/wp-json\/wp\/v2\/pages"}],"about":[{"href":"https:\/\/psol50.com.br\/congresso2021\/wp-json\/wp\/v2\/types\/page"}],"author":[{"embeddable":true,"href":"https:\/\/psol50.com.br\/congresso2021\/wp-json\/wp\/v2\/users\/1"}],"replies":[{"embeddable":true,"href":"https:\/\/psol50.com.br\/congresso2021\/wp-json\/wp\/v2\/comments?post=18940"}],"version-history":[{"count":22,"href":"https:\/\/psol50.com.br\/congresso2021\/wp-json\/wp\/v2\/pages\/18940\/revisions"}],"predecessor-version":[{"id":28425,"href":"https:\/\/psol50.com.br\/congresso2021\/wp-json\/wp\/v2\/pages\/18940\/revisions\/28425"}],"wp:attachment":[{"href":"https:\/\/psol50.com.br\/congresso2021\/wp-json\/wp\/v2\/media?parent=18940"}],"curies":[{"name":"wp","href":"https:\/\/api.w.org\/{rel}","templated":true}]}}